{"id":22,"date":"2013-07-26T21:27:43","date_gmt":"2013-07-26T19:27:43","guid":{"rendered":"http:\/\/themes.kadencethemes.com\/virtue\/?page_id=22"},"modified":"2023-10-10T14:20:12","modified_gmt":"2023-10-10T12:20:12","slug":"strona-glowna-2","status":"publish","type":"page","link":"https:\/\/debowymlyn.pl\/de\/","title":{"rendered":"Startseite"},"content":{"rendered":"<div class=\"su-column su-column-size-1-3 glowna\"><div class=\"su-column-inner su-u-clearfix su-u-trim\">\n<h3>Fu\u00dfb\u00f6den, Terrassen, Fassaden, Chemiemittel<\/h3>\n<p>Wir bieten Ihnen nat\u00fcrliches polnisches Holz f\u00fcr Fu\u00dfb\u00f6den wie Eichen-, Eschendielen, Thermo-Esche, breite Palette an exotischem Holz, Parkettb\u00f6den (einschlie\u00dflich franz\u00f6sisches und ungarisches Fischgr\u00e4t, Palastmosaik), Laminatb\u00f6den, Holz- und Sockelleisten, Terrassen- und Verbundstoffdielen wie auch das Fassadenholz. Zu unserem Angebot z\u00e4hlen auch Chemiemittel zur Pflege der Holzb\u00f6den und Terrassen wie Lacke, Klebstoffe, Terrassen\u00f6le oder Pflegewachssorten.<br \/>\n<\/div><\/div>\n<div class=\"su-column su-column-size-1-3 glowna\"><div class=\"su-column-inner su-u-clearfix su-u-trim\">\n<h3>Parkettverlegung<\/h3>\n<p>Das Holzbodengesch\u00e4ft \u201eD\u0119bowy M\u0142yn\u201d besch\u00e4ftigt Fachleute, die seit 25 Jahren qualitativ hochwertige Arbeiten im Bereich der Verlegung neuer Holz- und Parkettb\u00f6den, Renovierung alter Fu\u00dfb\u00f6den, staublosen Abschleifens der B\u00f6den sowie Fu\u00dfbodenpflege verrichten. Holzb\u00f6den (Massiv- und Mehrschichtdielen) sind jedoch nicht alles \u2013 wir verlegen auch Sportfu\u00dfb\u00f6den, nat\u00fcrliche und Verbundstoff-Terrassen wie auch Fassaden. Das Leistungsspektrum unserer Aktivit\u00e4ten liegt in erster Linie in Gro\u00dfpolen (Leszno, \u015arem, Posen), obwohl wir auch Gro\u00dfauftr\u00e4ge in ganz Polen und sogar im Ausland ausf\u00fchren.<br \/>\n<\/div><\/div>\n<div class=\"su-column su-column-size-1-3 glowna su-column-last\"><div class=\"su-column-inner su-u-clearfix su-u-trim\">\n<h3>Hohe Qualit\u00e4t f\u00fcr viele Jahre<\/h3>\n<p>Wir arbeiten ausschlie\u00dflich mit ausgew\u00e4hlten Lieferanten wie DLH, Silvadec, Chapel, Wakol, Loba, Flooria zusammen, die qualitativ hochwertiges Holz f\u00fcr Fu\u00dfb\u00f6den, Terrassen und Fassaden wie auch Chemiemittel f\u00fcr die Holzpflege anbieten. \u201eD\u0119bowy M\u0142yn\u201d steht f\u00fcr langj\u00e4hrige Erfahrung, Fachwissen, professionelle Beratung, komplexen Service und hochwertige Materialien zum attraktiven Preis.<br \/>\n<\/div><\/div>","protected":false},"excerpt":{"rendered":"","protected":false},"author":2,"featured_media":0,"parent":0,"menu_order":0,"comment_status":"closed","ping_status":"closed","template":"","meta":{"inline_featured_image":false,"footnotes":""},"class_list":["post-22","page","type-page","status-publish","hentry"],"yoast_head":"<!-- This site is optimized with the Yoast SEO plugin v26.8 - https:\/\/yoast.com\/product\/yoast-seo-wordpress\/ -->\n<title>Parkiety Pozna\u0144 | Leszno - Salon pod\u0142\u00f3g drewnianych - D\u0119bowy M\u0142yn<\/title>\n<meta name=\"description\" content=\"Salon pod\u0142\u00f3g drewnianych &quot;D\u0119bowy M\u0142yn&quot; to ponad 25 lat do\u015bwiadczenia. Oferujemy pod\u0142ogi drewniane, parkiety i wysokiej jako\u015bci us\u0142ugi parkieciarskie, realizuj\u0105c zlecenia na terenie Poznania i Leszna. Sprawd\u017a nasz\u0105 ofert\u0119.\" \/>\n<meta name=\"robots\" content=\"index, follow, max-snippet:-1, max-image-preview:large, max-video-preview:-1\" \/>\n<link rel=\"canonical\" href=\"https:\/\/debowymlyn.pl\/\" \/>\n<meta property=\"og:locale\" content=\"de_DE\" \/>\n<meta property=\"og:type\" content=\"article\" \/>\n<meta property=\"og:title\" content=\"Parkiety Pozna\u0144 | Leszno - Salon pod\u0142\u00f3g drewnianych - D\u0119bowy M\u0142yn\" \/>\n<meta property=\"og:description\" content=\"Salon pod\u0142\u00f3g drewnianych &quot;D\u0119bowy M\u0142yn&quot; to ponad 25 lat do\u015bwiadczenia. Oferujemy pod\u0142ogi drewniane, parkiety i wysokiej jako\u015bci us\u0142ugi parkieciarskie, realizuj\u0105c zlecenia na terenie Poznania i Leszna. Sprawd\u017a nasz\u0105 ofert\u0119.\" \/>\n<meta property=\"og:url\" content=\"https:\/\/debowymlyn.pl\/\" \/>\n<meta property=\"og:site_name\" content=\"Holzfu\u00dfbodengesch\u00e4ft &quot;D\u0119bowy M\u0142yn&quot;\" \/>\n<meta property=\"article:modified_time\" content=\"2023-10-10T12:20:12+00:00\" \/>\n<meta property=\"og:image\" content=\"https:\/\/debowymlyn.pl\/wp-content\/uploads\/podlogi\/mozaiki\/palacowe\/w7a.jpg\" \/>\n<meta name=\"twitter:card\" content=\"summary_large_image\" \/>\n<meta name=\"twitter:label1\" content=\"Gesch\u00e4tzte Lesezeit\" \/>\n\t<meta name=\"twitter:data1\" content=\"10\u00a0Minuten\" \/>\n<script type=\"application\/ld+json\" class=\"yoast-schema-graph\">{\"@context\":\"https:\/\/schema.org\",\"@graph\":[{\"@type\":\"WebPage\",\"@id\":\"https:\/\/debowymlyn.pl\/\",\"url\":\"https:\/\/debowymlyn.pl\/\",\"name\":\"Parkiety Pozna\u0144 | Leszno - Salon pod\u0142\u00f3g drewnianych - D\u0119bowy M\u0142yn\",\"isPartOf\":{\"@id\":\"https:\/\/debowymlyn.pl\/#website\"},\"primaryImageOfPage\":{\"@id\":\"https:\/\/debowymlyn.pl\/#primaryimage\"},\"image\":{\"@id\":\"https:\/\/debowymlyn.pl\/#primaryimage\"},\"thumbnailUrl\":\"https:\/\/debowymlyn.pl\/wp-content\/uploads\/podlogi\/mozaiki\/palacowe\/w7a.jpg\",\"datePublished\":\"2013-07-26T19:27:43+00:00\",\"dateModified\":\"2023-10-10T12:20:12+00:00\",\"description\":\"Salon pod\u0142\u00f3g drewnianych \\\"D\u0119bowy M\u0142yn\\\" to ponad 25 lat do\u015bwiadczenia. Oferujemy pod\u0142ogi drewniane, parkiety i wysokiej jako\u015bci us\u0142ugi parkieciarskie, realizuj\u0105c zlecenia na terenie Poznania i Leszna. Sprawd\u017a nasz\u0105 ofert\u0119.\",\"breadcrumb\":{\"@id\":\"https:\/\/debowymlyn.pl\/#breadcrumb\"},\"inLanguage\":\"de\",\"potentialAction\":[{\"@type\":\"ReadAction\",\"target\":[\"https:\/\/debowymlyn.pl\/\"]}]},{\"@type\":\"ImageObject\",\"inLanguage\":\"de\",\"@id\":\"https:\/\/debowymlyn.pl\/#primaryimage\",\"url\":\"https:\/\/debowymlyn.pl\/wp-content\/uploads\/podlogi\/mozaiki\/palacowe\/w7a.jpg\",\"contentUrl\":\"https:\/\/debowymlyn.pl\/wp-content\/uploads\/podlogi\/mozaiki\/palacowe\/w7a.jpg\"},{\"@type\":\"BreadcrumbList\",\"@id\":\"https:\/\/debowymlyn.pl\/#breadcrumb\",\"itemListElement\":[{\"@type\":\"ListItem\",\"position\":1,\"name\":\"Strona g\u0142\u00f3wna\",\"item\":\"https:\/\/debowymlyn.pl\/\"},{\"@type\":\"ListItem\",\"position\":2,\"name\":\"Strona g\u0142\u00f3wna\"}]},{\"@type\":\"WebSite\",\"@id\":\"https:\/\/debowymlyn.pl\/#website\",\"url\":\"https:\/\/debowymlyn.pl\/\",\"name\":\"Holzfu\u00dfbodengesch\u00e4ft &quot;D\u0119bowy M\u0142yn&quot;\",\"description\":\"\",\"potentialAction\":[{\"@type\":\"SearchAction\",\"target\":{\"@type\":\"EntryPoint\",\"urlTemplate\":\"https:\/\/debowymlyn.pl\/?s={search_term_string}\"},\"query-input\":{\"@type\":\"PropertyValueSpecification\",\"valueRequired\":true,\"valueName\":\"search_term_string\"}}],\"inLanguage\":\"de\"}]}<\/script>\n<!-- \/ Yoast SEO plugin. -->","yoast_head_json":{"title":"Parkiety Pozna\u0144 | Leszno - Salon pod\u0142\u00f3g drewnianych - D\u0119bowy M\u0142yn","description":"Salon pod\u0142\u00f3g drewnianych \"D\u0119bowy M\u0142yn\" to ponad 25 lat do\u015bwiadczenia. Oferujemy pod\u0142ogi drewniane, parkiety i wysokiej jako\u015bci us\u0142ugi parkieciarskie, realizuj\u0105c zlecenia na terenie Poznania i Leszna. Sprawd\u017a nasz\u0105 ofert\u0119.","robots":{"index":"index","follow":"follow","max-snippet":"max-snippet:-1","max-image-preview":"max-image-preview:large","max-video-preview":"max-video-preview:-1"},"canonical":"https:\/\/debowymlyn.pl\/","og_locale":"de_DE","og_type":"article","og_title":"Parkiety Pozna\u0144 | Leszno - Salon pod\u0142\u00f3g drewnianych - D\u0119bowy M\u0142yn","og_description":"Salon pod\u0142\u00f3g drewnianych \"D\u0119bowy M\u0142yn\" to ponad 25 lat do\u015bwiadczenia. Oferujemy pod\u0142ogi drewniane, parkiety i wysokiej jako\u015bci us\u0142ugi parkieciarskie, realizuj\u0105c zlecenia na terenie Poznania i Leszna. Sprawd\u017a nasz\u0105 ofert\u0119.","og_url":"https:\/\/debowymlyn.pl\/","og_site_name":"Holzfu\u00dfbodengesch\u00e4ft &quot;D\u0119bowy M\u0142yn&quot;","article_modified_time":"2023-10-10T12:20:12+00:00","og_image":[{"url":"https:\/\/debowymlyn.pl\/wp-content\/uploads\/podlogi\/mozaiki\/palacowe\/w7a.jpg","type":"","width":"","height":""}],"twitter_card":"summary_large_image","twitter_misc":{"Gesch\u00e4tzte Lesezeit":"10\u00a0Minuten"},"schema":{"@context":"https:\/\/schema.org","@graph":[{"@type":"WebPage","@id":"https:\/\/debowymlyn.pl\/","url":"https:\/\/debowymlyn.pl\/","name":"Parkiety Pozna\u0144 | Leszno - Salon pod\u0142\u00f3g drewnianych - D\u0119bowy M\u0142yn","isPartOf":{"@id":"https:\/\/debowymlyn.pl\/#website"},"primaryImageOfPage":{"@id":"https:\/\/debowymlyn.pl\/#primaryimage"},"image":{"@id":"https:\/\/debowymlyn.pl\/#primaryimage"},"thumbnailUrl":"https:\/\/debowymlyn.pl\/wp-content\/uploads\/podlogi\/mozaiki\/palacowe\/w7a.jpg","datePublished":"2013-07-26T19:27:43+00:00","dateModified":"2023-10-10T12:20:12+00:00","description":"Salon pod\u0142\u00f3g drewnianych \"D\u0119bowy M\u0142yn\" to ponad 25 lat do\u015bwiadczenia. Oferujemy pod\u0142ogi drewniane, parkiety i wysokiej jako\u015bci us\u0142ugi parkieciarskie, realizuj\u0105c zlecenia na terenie Poznania i Leszna. Sprawd\u017a nasz\u0105 ofert\u0119.","breadcrumb":{"@id":"https:\/\/debowymlyn.pl\/#breadcrumb"},"inLanguage":"de","potentialAction":[{"@type":"ReadAction","target":["https:\/\/debowymlyn.pl\/"]}]},{"@type":"ImageObject","inLanguage":"de","@id":"https:\/\/debowymlyn.pl\/#primaryimage","url":"https:\/\/debowymlyn.pl\/wp-content\/uploads\/podlogi\/mozaiki\/palacowe\/w7a.jpg","contentUrl":"https:\/\/debowymlyn.pl\/wp-content\/uploads\/podlogi\/mozaiki\/palacowe\/w7a.jpg"},{"@type":"BreadcrumbList","@id":"https:\/\/debowymlyn.pl\/#breadcrumb","itemListElement":[{"@type":"ListItem","position":1,"name":"Strona g\u0142\u00f3wna","item":"https:\/\/debowymlyn.pl\/"},{"@type":"ListItem","position":2,"name":"Strona g\u0142\u00f3wna"}]},{"@type":"WebSite","@id":"https:\/\/debowymlyn.pl\/#website","url":"https:\/\/debowymlyn.pl\/","name":"Holzfu\u00dfbodengesch\u00e4ft &quot;D\u0119bowy M\u0142yn&quot;","description":"","potentialAction":[{"@type":"SearchAction","target":{"@type":"EntryPoint","urlTemplate":"https:\/\/debowymlyn.pl\/?s={search_term_string}"},"query-input":{"@type":"PropertyValueSpecification","valueRequired":true,"valueName":"search_term_string"}}],"inLanguage":"de"}]}},"_links":{"self":[{"href":"https:\/\/debowymlyn.pl\/de\/wp-json\/wp\/v2\/pages\/22","targetHints":{"allow":["GET"]}}],"collection":[{"href":"https:\/\/debowymlyn.pl\/de\/wp-json\/wp\/v2\/pages"}],"about":[{"href":"https:\/\/debowymlyn.pl\/de\/wp-json\/wp\/v2\/types\/page"}],"author":[{"embeddable":true,"href":"https:\/\/debowymlyn.pl\/de\/wp-json\/wp\/v2\/users\/2"}],"replies":[{"embeddable":true,"href":"https:\/\/debowymlyn.pl\/de\/wp-json\/wp\/v2\/comments?post=22"}],"version-history":[{"count":91,"href":"https:\/\/debowymlyn.pl\/de\/wp-json\/wp\/v2\/pages\/22\/revisions"}],"predecessor-version":[{"id":3081,"href":"https:\/\/debowymlyn.pl\/de\/wp-json\/wp\/v2\/pages\/22\/revisions\/3081"}],"wp:attachment":[{"href":"https:\/\/debowymlyn.pl\/de\/wp-json\/wp\/v2\/media?parent=22"}],"curies":[{"name":"wp","href":"https:\/\/api.w.org\/{rel}","templated":true}]}}